{"id":1152,"date":"2020-10-04T19:54:11","date_gmt":"2020-10-04T19:54:11","guid":{"rendered":"https:\/\/movimientobiodanza.com\/wordpress\/?page_id=1152"},"modified":"2022-10-07T19:00:49","modified_gmt":"2022-10-07T19:00:49","slug":"escuela-venezolana-de-biodanza-del-sol-maracaibo","status":"publish","type":"page","link":"https:\/\/movimientobiodanza.com\/wordpress\/escuela-venezolana-de-biodanza-del-sol-maracaibo\/","title":{"rendered":"Escuela Venezolana de Biodanza del Sol Maracaibo <!-- Formaci\u00f3n -->"},"content":{"rendered":"<p>[et_pb_section fb_built=&#8221;1&#8243; _builder_version=&#8221;4.6.0&#8243; _module_preset=&#8221;default&#8221; background_color=&#8221;#353535&#8243; background_image=&#8221;https:\/\/movimientobiodanza.com\/wordpress\/wp-content\/uploads\/2020\/09\/Fondo-web.png&#8221; background_size=&#8221;contain&#8221; background_position=&#8221;top_center&#8221; global_colors_info=&#8221;{}&#8221;][et_pb_row _builder_version=&#8221;4.6.0&#8243; _module_preset=&#8221;default&#8221; width=&#8221;100%&#8221; global_colors_info=&#8221;{}&#8221;][et_pb_column type=&#8221;4_4&#8243; _builder_version=&#8221;4.6.0&#8243; _module_preset=&#8221;default&#8221; global_colors_info=&#8221;{}&#8221;][et_pb_image src=&#8221;https:\/\/movimientobiodanza.com\/wordpress\/wp-content\/uploads\/2020\/09\/Logo_Biodanza_redondo.png&#8221; title_text=&#8221;Logo_Biodanza_redondo&#8221; align=&#8221;center&#8221; _builder_version=&#8221;4.6.0&#8243; _module_preset=&#8221;default&#8221; global_colors_info=&#8221;{}&#8221;][\/et_pb_image][et_pb_menu menu_id=&#8221;12&#8243; menu_style=&#8221;centered&#8221; dropdown_menu_bg_color=&#8221;#ffffff&#8221; _builder_version=&#8221;4.6.0&#8243; _module_preset=&#8221;default&#8221; background_color=&#8221;rgba(0,0,0,0)&#8221; global_colors_info=&#8221;{}&#8221;][\/et_pb_menu][et_pb_social_media_follow _builder_version=&#8221;4.12.1&#8243; _module_preset=&#8221;default&#8221; text_orientation=&#8221;center&#8221; hover_enabled=&#8221;0&#8243; global_colors_info=&#8221;{}&#8221; sticky_enabled=&#8221;0&#8243;][et_pb_social_media_follow_network social_network=&#8221;instagram&#8221; url=&#8221;https:\/\/www.instagram.com\/biodanzamariagraciaysandra\/&#8221; _builder_version=&#8221;4.12.1&#8243; _module_preset=&#8221;default&#8221; background_color=&#8221;#ea2c59&#8243; hover_enabled=&#8221;0&#8243; global_colors_info=&#8221;{}&#8221; follow_button=&#8221;off&#8221; url_new_window=&#8221;on&#8221; sticky_enabled=&#8221;0&#8243;]instagram[\/et_pb_social_media_follow_network][et_pb_social_media_follow_network social_network=&#8221;facebook&#8221; url=&#8221;https:\/\/www.facebook.com\/mariagraciabiodanzamexico\/&#8221; _builder_version=&#8221;4.6.0&#8243; _module_preset=&#8221;default&#8221; background_color=&#8221;#3b5998&#8243; global_colors_info=&#8221;{}&#8221; follow_button=&#8221;off&#8221; url_new_window=&#8221;on&#8221;]facebook[\/et_pb_social_media_follow_network][\/et_pb_social_media_follow][\/et_pb_column][\/et_pb_row][et_pb_row column_structure=&#8221;3_4,1_4&#8243; _builder_version=&#8221;4.6.0&#8243; _module_preset=&#8221;default&#8221; width=&#8221;100%&#8221; global_colors_info=&#8221;{}&#8221;][et_pb_column type=&#8221;3_4&#8243; _builder_version=&#8221;4.6.0&#8243; _module_preset=&#8221;default&#8221; global_colors_info=&#8221;{}&#8221;][et_pb_text content_last_edited=&#8221;off|desktop&#8221; _builder_version=&#8221;4.12.1&#8243; _module_preset=&#8221;default&#8221; text_font=&#8221;Lobster Two||||||||&#8221; text_text_color=&#8221;#3A5795&#8243; text_font_size=&#8221;22px&#8221; header_font=&#8221;Lato||||||||&#8221; header_font_size=&#8221;20px&#8221; header_2_font=&#8221;Lato||||||||&#8221; header_2_text_color=&#8221;#02bccb&#8221; background_color=&#8221;#ffffff&#8221; text_orientation=&#8221;justified&#8221; custom_padding=&#8221;40px|40px|40px|40px|false|false&#8221; global_colors_info=&#8221;{}&#8221;]<\/p>\n<h2 class=\"uk-article-title\" style=\"text-align: center; font-size: 26px; color: #3a5795;\"><strong style=\"text-align: center; font-size: 26px; color: #3a5795;\">ESCUELA VENEZOLANA DE BIODANZA DEL SOL DE MARACAIBO<\/strong><\/h2>\n<p>&nbsp;<\/p>\n<p><img loading=\"lazy\" class=\"wp-image-1157 alignnone size-full\" style=\"display: block; margin-left: auto; margin-right: auto;\" src=\"https:\/\/movimientobiodanza.com\/wordpress\/wp-content\/uploads\/2020\/10\/Escuelabiodanza.png\" alt=\"\" width=\"232\" height=\"214\" \/><br \/>La Escuela Venezolana de Biodanza del Sol de Maracaibo, nace el 11 de Diciembre de 2012.<\/p>\n<p>Como resultado del Movimiento Biodanza en la regi\u00f3n, un n\u00famero s\u00f3lido de biodanzantes han mostrado un sostenido y creciente inter\u00e9s en hacerse\u00a0<span style=\"color: #02bccb; font-family: tahoma, arial, helvetica, sans-serif;\">FACILITADORES DE VIDA<\/span>, de all\u00ed naci\u00f3 el compromiso con ellos de continuar el camino formativo que nos permitiera ABRIR las PUERTAS de esta maravillosa formaci\u00f3n profesional de tres a cuatro a\u00f1os de duraci\u00f3n, obteniendo una Titulaci\u00f3n de Facilitador de Biodanza, avalada por la\u00a0<a href=\"https:\/\/www.biodanza.org\/\"><span style=\"color: #02bccb; font-family: tahoma, arial, helvetica, sans-serif;\">INTERNACIONAL BIODANZA FEDERATION (IBFed)<\/span><\/a> y que acredita a todo profesor a la pr\u00e1ctica de este sistema en cualquier parte del mundo al servicio del despertar del amor y la expansi\u00f3n de la conciencia \u00e9tica de la humanidad.<\/p>\n<p>En Diciembre de 2016, nacen 22 nuevos facilitadores de Biodanza para Venezuela y el mundo, recibiendo sus t\u00edtulos de grado por Rolando Toro Acu\u00f1a, hijo del creador del sistema Biodanza en Maracaibo, Venezuela.<\/p>\n<p style=\"text-align: center;\"><img loading=\"lazy\" class=\"wp-image-1550 alignnone size-large\" src=\"https:\/\/movimientobiodanza.com\/wordpress\/wp-content\/uploads\/2020\/11\/Foto-Escuela-de-Biodanza-2--1024x625.jpg\" alt=\"\" width=\"1024\" height=\"625\" srcset=\"https:\/\/movimientobiodanza.com\/wordpress\/wp-content\/uploads\/2020\/11\/Foto-Escuela-de-Biodanza-2--980x598.jpg 980w, https:\/\/movimientobiodanza.com\/wordpress\/wp-content\/uploads\/2020\/11\/Foto-Escuela-de-Biodanza-2--480x293.jpg 480w\" sizes=\"(min-width: 0px) and (max-width: 480px) 480px, (min-width: 481px) and (max-width: 980px) 980px, (min-width: 981px) 1024px, 100vw\" \/><\/p>\n<p style=\"text-align: center;\"><img loading=\"lazy\" class=\"wp-image-1551 alignnone size-large\" src=\"https:\/\/movimientobiodanza.com\/wordpress\/wp-content\/uploads\/2020\/11\/Foto-Graduacio\u0301n-Escuela-del-Sol-1--1024x535.jpg\" alt=\"\" width=\"1024\" height=\"535\" srcset=\"https:\/\/movimientobiodanza.com\/wordpress\/wp-content\/uploads\/2020\/11\/Foto-Graduacio\u0301n-Escuela-del-Sol-1--1024x535.jpg 1024w, https:\/\/movimientobiodanza.com\/wordpress\/wp-content\/uploads\/2020\/11\/Foto-Graduacio\u0301n-Escuela-del-Sol-1--300x157.jpg 300w, https:\/\/movimientobiodanza.com\/wordpress\/wp-content\/uploads\/2020\/11\/Foto-Graduacio\u0301n-Escuela-del-Sol-1--768x401.jpg 768w, https:\/\/movimientobiodanza.com\/wordpress\/wp-content\/uploads\/2020\/11\/Foto-Graduacio\u0301n-Escuela-del-Sol-1--1536x803.jpg 1536w, https:\/\/movimientobiodanza.com\/wordpress\/wp-content\/uploads\/2020\/11\/Foto-Graduacio\u0301n-Escuela-del-Sol-1--2048x1070.jpg 2048w, https:\/\/movimientobiodanza.com\/wordpress\/wp-content\/uploads\/2020\/11\/Foto-Graduacio\u0301n-Escuela-del-Sol-1--1080x565.jpg 1080w, https:\/\/movimientobiodanza.com\/wordpress\/wp-content\/uploads\/2020\/11\/Foto-Graduacio\u0301n-Escuela-del-Sol-1--1280x669.jpg 1280w, https:\/\/movimientobiodanza.com\/wordpress\/wp-content\/uploads\/2020\/11\/Foto-Graduacio\u0301n-Escuela-del-Sol-1--980x512.jpg 980w, https:\/\/movimientobiodanza.com\/wordpress\/wp-content\/uploads\/2020\/11\/Foto-Graduacio\u0301n-Escuela-del-Sol-1--480x251.jpg 480w\" sizes=\"(max-width: 1024px) 100vw, 1024px\" \/><\/p>\n<p style=\"font-weight: 400;\">Actualmente los Facilitadores de Biodanza egresados de esta primera Cohorte de Formaci\u00f3n de la Escuela de Biodanza del Sol de Maracaibo, se encuentran en Venezuela y esparcidos por varios pa\u00edses del mundo. Muchos desarrollando su labor.<\/p>\n<p style=\"font-weight: 400;\">La Escuela de Biodanza del Sol de Maracaibo se encuentra temporalmente sin actividad, como consecuencia de la fuerte crisis econ\u00f3mica y social que vive la sociedad venezolana y la necesidad de emigrar que un gran porcentaje de la poblaci\u00f3n ha tenido. No contando con los profesores didactas necesarios para desarrollar esta hermosa <span style=\"color: #02bccb;\"><span style=\"font-family: tahoma, arial, helvetica, sans-serif;\">TRANS \u2013 FORMACI\u00d3N<\/span>.<\/span><\/p>\n<p style=\"font-weight: 400;\">Mientras tanto integramos a la comunidad biodanc\u00edstica venezolana en todas las actividades que v\u00eda ON LINE se desarrollan en tiempos de pandemia desde su hermana casa de formaci\u00f3n la <span style=\"color: #02bccb; font-family: tahoma, arial, helvetica, sans-serif;\">Escuela de Biodanza de Cuernavaca-M\u00e9xico<\/span>.<\/p>\n<p style=\"text-align: center;\"><img loading=\"lazy\" class=\"wp-image-1552 alignnone size-large\" src=\"https:\/\/movimientobiodanza.com\/wordpress\/wp-content\/uploads\/2020\/11\/Foto-Escuela-de-Biodanza-3-962x1024.jpg\" alt=\"\" width=\"962\" height=\"1024\" \/><\/p>\n<p style=\"text-align: center;\"><img loading=\"lazy\" class=\"wp-image-1553 alignnone size-full\" src=\"https:\/\/movimientobiodanza.com\/wordpress\/wp-content\/uploads\/2020\/11\/Foto-Escuela-de-Biodanza-4-.jpg\" alt=\"\" width=\"577\" height=\"323\" \/><\/p>\n<h2><\/h2>\n<h2><span style=\"color: #3a5795;\">A QUI\u00c9NES VA DIRIGIDA<\/span><\/h2>\n<p>Personas interesadas en ejercer la profesi\u00f3n de profesor de biodanza.<br \/>Profesionales en el \u00e1rea de la salud, la educaci\u00f3n y coaching organizacional, interesados en adquirir nuevas habilidades que ampl\u00eden sus posibilidades en el ejercicio de la profesi\u00f3n.<br \/>Personas que han tenido la oportunidad de vivenciar los potentes efectos de la Biodanza en sus vidas y quieren profundizar en su experiencia, integrando la pr\u00e1ctica vivencial al conocimiento te\u00f3rico.<\/p>\n<p>&nbsp;<\/p>\n<h2><span style=\"color: #3a5795;\">OBJETIVOS<\/span><\/h2>\n<p>Ofrecer una formaci\u00f3n vivencial, te\u00f3rica y metodol\u00f3gica id\u00f3nea para el ejercicio de la profesi\u00f3n del profesor de Biodanza, al t\u00e9rmino de la cual el formando estar\u00e1 capacitado y autorizado por la Escuela y por la International Biocentric Federation (IBFed) para conducir sus propios grupos en cualquiera de las \u00e1reas de su desempe\u00f1o profesional y en casi todos los pa\u00edses del mundo.<\/p>\n<p>&nbsp;<\/p>\n<h2><span style=\"color: #3a5795;\">DURACI\u00d3N<\/span><\/h2>\n<p>El curso de formaci\u00f3n en biodanza tiene una duraci\u00f3n de tres a cuatro\u00a0 a\u00f1os en los cuales l@s alumn@s deben cumplir con el Programa \u00danico de Formaci\u00f3n emanado de la International Biocentric Federation (IBFed). El programa incluye 28 m\u00f3dulos te\u00f3ricos-vivenciales los cuales ser\u00e1n impartidos por excelentes Didactas nacionales y extranjeros a raz\u00f3n de un m\u00ednimo de ocho (8) y un m\u00e1ximo de diez (10) m\u00f3dulos por a\u00f1o.<\/p>\n<p>&nbsp;<\/p>\n<h2><span style=\"color: #3a5795;\">FACILITADORES DE VIDA<\/span><\/h2>\n<p>La tarea del facilitador de Biodanza es llevar m\u00e1s vida a la vida. Transformarse en agente de salud en el medio en el cual vive. Faciclitar en cada participante la sana expresi\u00f3n de su identidad y el desarrollo progresivo y pleno de sus potenciales de vitalidad, sexualidad, creatividad, afectividad y trascendencia.<\/p>\n<p>[\/et_pb_text][\/et_pb_column][et_pb_column type=&#8221;1_4&#8243; _builder_version=&#8221;4.6.0&#8243; _module_preset=&#8221;default&#8221; global_colors_info=&#8221;{}&#8221;][et_pb_image src=&#8221;https:\/\/movimientobiodanza.com\/wordpress\/wp-content\/uploads\/2020\/10\/sol1.jpg&#8221; title_text=&#8221;sol1&#8243; _builder_version=&#8221;4.6.0&#8243; _module_preset=&#8221;default&#8221; background_color=&#8221;#ffffff&#8221; custom_padding=&#8221;20px|20px|20px|20px|false|false&#8221; animation_style=&#8221;zoom&#8221; global_colors_info=&#8221;{}&#8221;][\/et_pb_image][et_pb_image src=&#8221;https:\/\/movimientobiodanza.com\/wordpress\/wp-content\/uploads\/2020\/10\/sol2.jpg&#8221; title_text=&#8221;sol2&#8243; _builder_version=&#8221;4.6.0&#8243; _module_preset=&#8221;default&#8221; background_color=&#8221;#ffffff&#8221; custom_padding=&#8221;20px|20px|20px|20px|false|false&#8221; animation_style=&#8221;zoom&#8221; global_colors_info=&#8221;{}&#8221;][\/et_pb_image][et_pb_image src=&#8221;https:\/\/movimientobiodanza.com\/wordpress\/wp-content\/uploads\/2020\/10\/sol3.jpg&#8221; title_text=&#8221;sol3&#8243; _builder_version=&#8221;4.6.0&#8243; _module_preset=&#8221;default&#8221; background_color=&#8221;#ffffff&#8221; custom_padding=&#8221;20px|20px|20px|20px|false|false&#8221; animation_style=&#8221;zoom&#8221; global_colors_info=&#8221;{}&#8221;][\/et_pb_image][et_pb_image src=&#8221;https:\/\/movimientobiodanza.com\/wordpress\/wp-content\/uploads\/2020\/10\/sol4.jpg&#8221; title_text=&#8221;sol4&#8243; _builder_version=&#8221;4.6.0&#8243; _module_preset=&#8221;default&#8221; background_color=&#8221;#ffffff&#8221; custom_padding=&#8221;20px|20px|20px|20px|false|false&#8221; animation_style=&#8221;zoom&#8221; global_colors_info=&#8221;{}&#8221;][\/et_pb_image][et_pb_image src=&#8221;https:\/\/movimientobiodanza.com\/wordpress\/wp-content\/uploads\/2020\/10\/sol5.jpg&#8221; title_text=&#8221;sol5&#8243; _builder_version=&#8221;4.6.0&#8243; _module_preset=&#8221;default&#8221; background_color=&#8221;#ffffff&#8221; custom_padding=&#8221;20px|20px|20px|20px|false|false&#8221; animation_style=&#8221;zoom&#8221; global_colors_info=&#8221;{}&#8221;][\/et_pb_image][et_pb_image src=&#8221;https:\/\/movimientobiodanza.com\/wordpress\/wp-content\/uploads\/2020\/10\/sol6.jpg&#8221; title_text=&#8221;sol6&#8243; _builder_version=&#8221;4.6.0&#8243; _module_preset=&#8221;default&#8221; background_color=&#8221;#ffffff&#8221; custom_padding=&#8221;20px|20px|20px|20px|false|false&#8221; animation_style=&#8221;zoom&#8221; global_colors_info=&#8221;{}&#8221;][\/et_pb_image][\/et_pb_column][\/et_pb_row][\/et_pb_section][et_pb_section fb_built=&#8221;1&#8243; _builder_version=&#8221;4.6.0&#8243; _module_preset=&#8221;default&#8221; background_color=&#8221;#626a72&#8243; global_colors_info=&#8221;{}&#8221;][et_pb_row _builder_version=&#8221;4.6.0&#8243; _module_preset=&#8221;default&#8221; global_colors_info=&#8221;{}&#8221;][et_pb_column type=&#8221;4_4&#8243; _builder_version=&#8221;4.6.0&#8243; _module_preset=&#8221;default&#8221; global_colors_info=&#8221;{}&#8221;][et_pb_button button_url=&#8221;@ET-DC@eyJkeW5hbWljIjp0cnVlLCJjb250ZW50IjoicG9zdF9saW5rX3VybF9wYWdlIiwic2V0dGluZ3MiOnsicG9zdF9pZCI6IjE0MDIifX0=@&#8221; url_new_window=&#8221;on&#8221; button_text=&#8221;Haz click aqu\u00ed para musicalizar tu visita.&#8221; button_alignment=&#8221;center&#8221; _builder_version=&#8221;4.6.0&#8243; _dynamic_attributes=&#8221;button_url&#8221; _module_preset=&#8221;default&#8221; custom_button=&#8221;on&#8221; button_text_color=&#8221;#ffffff&#8221; button_bg_color=&#8221;#3A5795&#8243; button_border_width=&#8221;0px&#8221; button_border_radius=&#8221;21px&#8221; button_font=&#8221;Lato||||||||&#8221; button_icon=&#8221;%%40%%&#8221; button_on_hover=&#8221;off&#8221; custom_margin=&#8221;||||false|false&#8221; custom_padding=&#8221;|50px|||false|false&#8221; animation_style=&#8221;zoom&#8221; global_colors_info=&#8221;{}&#8221;][\/et_pb_button][et_pb_text _builder_version=&#8221;4.12.1&#8243; _module_preset=&#8221;default&#8221; text_text_color=&#8221;#ffffff&#8221; global_colors_info=&#8221;{}&#8221;]<\/p>\n<p style=\"text-align: center;\">Movimiento Biodanza &#8211; Copyright \u00a9 2022 Asesores Ing. Jorge Silva Alvarez<\/p>\n<p>[\/et_pb_text][\/et_pb_column][\/et_pb_row][\/et_pb_section]<\/p>\n","protected":false},"excerpt":{"rendered":"<p>instagramfacebookESCUELA VENEZOLANA DE BIODANZA DEL SOL DE MARACAIBO &nbsp; La Escuela Venezolana de Biodanza del Sol de Maracaibo, nace el 11 de Diciembre de 2012. Como resultado del Movimiento Biodanza en la regi\u00f3n, un n\u00famero s\u00f3lido de biodanzantes han mostrado un sostenido y creciente inter\u00e9s en hacerse\u00a0FACILITADORES DE VIDA, de all\u00ed naci\u00f3 el compromiso con [&hellip;]<\/p>\n","protected":false},"author":1,"featured_media":0,"parent":0,"menu_order":0,"comment_status":"closed","ping_status":"closed","template":"","meta":{"_et_pb_use_builder":"on","_et_pb_old_content":"","_et_gb_content_width":""},"_links":{"self":[{"href":"https:\/\/movimientobiodanza.com\/wordpress\/wp-json\/wp\/v2\/pages\/1152"}],"collection":[{"href":"https:\/\/movimientobiodanza.com\/wordpress\/wp-json\/wp\/v2\/pages"}],"about":[{"href":"https:\/\/movimientobiodanza.com\/wordpress\/wp-json\/wp\/v2\/types\/page"}],"author":[{"embeddable":true,"href":"https:\/\/movimientobiodanza.com\/wordpress\/wp-json\/wp\/v2\/users\/1"}],"replies":[{"embeddable":true,"href":"https:\/\/movimientobiodanza.com\/wordpress\/wp-json\/wp\/v2\/comments?post=1152"}],"version-history":[{"count":25,"href":"https:\/\/movimientobiodanza.com\/wordpress\/wp-json\/wp\/v2\/pages\/1152\/revisions"}],"predecessor-version":[{"id":3963,"href":"https:\/\/movimientobiodanza.com\/wordpress\/wp-json\/wp\/v2\/pages\/1152\/revisions\/3963"}],"wp:attachment":[{"href":"https:\/\/movimientobiodanza.com\/wordpress\/wp-json\/wp\/v2\/media?parent=1152"}],"curies":[{"name":"wp","href":"https:\/\/api.w.org\/{rel}","templated":true}]}}