{"id":2651,"date":"2022-06-23T12:51:28","date_gmt":"2022-06-23T12:51:28","guid":{"rendered":"https:\/\/movimientobiodanza.com\/wordpress\/?page_id=2651"},"modified":"2022-06-23T16:45:14","modified_gmt":"2022-06-23T16:45:14","slug":"inicio-respaldos","status":"publish","type":"page","link":"https:\/\/movimientobiodanza.com\/wordpress\/inicio-respaldos\/","title":{"rendered":"Inicio respaldos"},"content":{"rendered":"<p>[et_pb_section fb_built=&#8221;1&#8243; _builder_version=&#8221;4.6.0&#8243; _module_preset=&#8221;default&#8221; background_color=&#8221;#353535&#8243; background_image=&#8221;https:\/\/movimientobiodanza.com\/wordpress\/wp-content\/uploads\/2020\/09\/Fondo-web.png&#8221; background_size=&#8221;contain&#8221; background_position=&#8221;top_center&#8221; global_colors_info=&#8221;{}&#8221;][et_pb_row _builder_version=&#8221;4.6.0&#8243; _module_preset=&#8221;default&#8221; width=&#8221;100%&#8221; global_colors_info=&#8221;{}&#8221;][et_pb_column type=&#8221;4_4&#8243; _builder_version=&#8221;4.6.0&#8243; _module_preset=&#8221;default&#8221; global_colors_info=&#8221;{}&#8221;][et_pb_image src=&#8221;https:\/\/movimientobiodanza.com\/wordpress\/wp-content\/uploads\/2020\/09\/Logo_Biodanza_redondo.png&#8221; title_text=&#8221;Logo_Biodanza_redondo&#8221; align=&#8221;center&#8221; _builder_version=&#8221;4.6.0&#8243; _module_preset=&#8221;default&#8221; global_colors_info=&#8221;{}&#8221;][\/et_pb_image][et_pb_menu menu_id=&#8221;11&#8243; menu_style=&#8221;centered&#8221; dropdown_menu_bg_color=&#8221;#ffffff&#8221; _builder_version=&#8221;4.6.0&#8243; _module_preset=&#8221;default&#8221; background_color=&#8221;rgba(0,0,0,0)&#8221; global_colors_info=&#8221;{}&#8221;][\/et_pb_menu][et_pb_social_media_follow _builder_version=&#8221;4.6.0&#8243; _module_preset=&#8221;default&#8221; text_orientation=&#8221;center&#8221; global_colors_info=&#8221;{}&#8221;][et_pb_social_media_follow_network social_network=&#8221;instagram&#8221; url=&#8221;https:\/\/instagram.com\/mariagraciaparrapirela&#8221; _builder_version=&#8221;4.6.0&#8243; _module_preset=&#8221;default&#8221; background_color=&#8221;#ea2c59&#8243; global_colors_info=&#8221;{}&#8221; follow_button=&#8221;off&#8221; url_new_window=&#8221;on&#8221;]instagram[\/et_pb_social_media_follow_network][et_pb_social_media_follow_network social_network=&#8221;facebook&#8221; url=&#8221;https:\/\/www.facebook.com\/mariagraciabiodanzamexico\/&#8221; _builder_version=&#8221;4.6.0&#8243; _module_preset=&#8221;default&#8221; background_color=&#8221;#3b5998&#8243; global_colors_info=&#8221;{}&#8221; follow_button=&#8221;off&#8221; url_new_window=&#8221;on&#8221;]facebook[\/et_pb_social_media_follow_network][et_pb_social_media_follow_network social_network=&#8221;twitter&#8221; url=&#8221;https:\/\/twitter.com\/unanuevatierra9&#8243; _builder_version=&#8221;4.6.0&#8243; _module_preset=&#8221;default&#8221; background_color=&#8221;#00aced&#8221; global_colors_info=&#8221;{}&#8221; follow_button=&#8221;off&#8221; url_new_window=&#8221;on&#8221;]twitter[\/et_pb_social_media_follow_network][\/et_pb_social_media_follow][\/et_pb_column][\/et_pb_row][et_pb_row column_structure=&#8221;3_5,2_5&#8243; _builder_version=&#8221;4.6.0&#8243; _module_preset=&#8221;default&#8221; width=&#8221;100%&#8221; global_colors_info=&#8221;{}&#8221;][et_pb_column type=&#8221;3_5&#8243; _builder_version=&#8221;4.6.0&#8243; _module_preset=&#8221;default&#8221; global_colors_info=&#8221;{}&#8221;][et_pb_text _builder_version=&#8221;4.6.0&#8243; _module_preset=&#8221;default&#8221; custom_margin=&#8221;-10px||||false|false&#8221; global_colors_info=&#8221;{}&#8221;]<\/p>\n\n<p>[\/et_pb_text][\/et_pb_column][et_pb_column type=&#8221;2_5&#8243; _builder_version=&#8221;4.6.0&#8243; _module_preset=&#8221;default&#8221; global_colors_info=&#8221;{}&#8221;][et_pb_text _builder_version=&#8221;4.12.1&#8243; _module_preset=&#8221;default&#8221; text_font=&#8221;Lobster Two||||||||&#8221; text_text_color=&#8221;#ffffff&#8221; text_font_size=&#8221;22px&#8221; header_2_font=&#8221;Lato||||||||&#8221; header_2_text_color=&#8221;#ffffff&#8221; header_2_font_size=&#8221;18px&#8221; background_color=&#8221;#3A5795&#8243; custom_padding=&#8221;20px|20px|20px|20px|false|false&#8221; link_option_url=&#8221;https:\/\/movimientobiodanza.com\/wordpress\/escuela-de-biodanza-de-cuernavaca-mexico\/&#8221; global_colors_info=&#8221;{}&#8221;]<\/p>\n<h2 style=\"text-align: center;\">NACIMIENTO DE LA ESCUELA DE BIODANZA DE<\/h2>\n<h2 style=\"text-align: center;\">CUERNAVACA-M\u00c9XICO<\/h2>\n<p style=\"text-align: center;\"><a href=\"https:\/\/movimientobiodanza.com\/wordpress\/escuela-de-biodanza-de-cuernavaca-mexico\/\"><img loading=\"lazy\" class=\"wp-image-51 alignnone size-medium\" src=\"https:\/\/movimientobiodanza.com\/wordpress\/wp-content\/uploads\/2020\/09\/Logo_Escuela_de_Biodanza_de_Cuernavaca_-300x238.jpg\" alt=\"\" width=\"217\" height=\"172\" \/><\/a><\/p>\n<p>[\/et_pb_text][\/et_pb_column][\/et_pb_row][\/et_pb_section][et_pb_section fb_built=&#8221;1&#8243; specialty=&#8221;on&#8221; _builder_version=&#8221;4.12.1&#8243; _module_preset=&#8221;default&#8221; background_color=&#8221;#3a3a3a&#8221; transform_scale=&#8221;118%|118%&#8221; transform_translate=&#8221;-19px|152px&#8221; hover_enabled=&#8221;0&#8243; custom_css_main_element=&#8221;width:100% !important;||&#8221; global_module=&#8221;2727&#8243; saved_tabs=&#8221;all&#8221; global_colors_info=&#8221;{}&#8221; transform_translate_linked=&#8221;off&#8221; sticky_enabled=&#8221;0&#8243;][et_pb_column type=&#8221;1_4&#8243; _builder_version=&#8221;3.25&#8243; custom_padding=&#8221;|||&#8221; global_colors_info=&#8221;{}&#8221; custom_padding__hover=&#8221;|||&#8221;][et_pb_text _builder_version=&#8221;4.12.1&#8243; _module_preset=&#8221;default&#8221; text_font=&#8221;Lobster Two||||||||&#8221; text_text_color=&#8221;#3A5795&#8243; text_font_size=&#8221;16px&#8221; header_3_font=&#8221;Lato||||||||&#8221; background_color=&#8221;#FF9900&#8243; transform_scale=&#8221;105%|105%&#8221; transform_translate=&#8221;22px|41px&#8221; custom_padding=&#8221;40px|40px|40px|40px|false|false&#8221; global_colors_info=&#8221;{}&#8221;]<\/p>\n<p style=\"text-align: center;\"><i class=\"fa fa-clock\" style=\"color: white\"><\/i><\/p>\n<h3 class=\"uk-panel-title\" style=\"text-align: center;\"><strong><span style=\"color: #ffffff;\">MOVIMIENTO BIODANZA<\/span><\/strong><\/h3>\n<p style=\"text-align: center;\">El Movimiento Biodanza Maracaibo nace en el a\u00f1o 2.007, con la \u00fanica intenci\u00f3n de iniciar el desarrollo de una Cultura basada en la Vida<\/p>\n<p style=\"text-align: center;\">\u00a0 <a class=\"maxbutton-1 maxbutton maxbutton-ver-mas-1\" href=\"https:\/\/movimientobiodanza.com\/wordpress\/movimiento-biodanza\/\" data-et-has-event-already=\"true\"><span class=\"mb-text\">VER MAS<\/span><\/a><\/p>\n<h3 class=\"uk-panel-title\" style=\"text-align: center;\"><\/h3>\n<h3 class=\"uk-panel-title\" style=\"text-align: center;\"><\/h3>\n<h3 class=\"uk-panel-title\" style=\"text-align: center;\"><strong><span style=\"color: #ffffff;\">CLINICA<\/span><span style=\"color: #ffffff;\"> DEL ALMA<\/span><\/strong><\/h3>\n<p style=\"text-align: center;\">LLa Cl\u00ednica del Alma, \u201cCentro de Rehabilitaci\u00f3n Existencial para una Nueva Humanidad\u201d, es un movimiento humano con sede en Cuernavaca, M\u00e9xico<\/p>\n<p style=\"text-align: center;\">\u00a0 <a class=\"maxbutton-1 maxbutton maxbutton-ver-mas-1\" href=\"https:\/\/clinica-del-alma.com\/\" target=\"_blank\" rel=\"noopener noreferrer\" data-et-has-event-already=\"true\"><span class=\"mb-text\">VER MAS<\/span><\/a><\/p>\n<h3 class=\"uk-panel-title\" style=\"text-align: center;\"><\/h3>\n<h3 class=\"uk-panel-title\" style=\"text-align: center;\"><\/h3>\n<h3 class=\"uk-panel-title\" style=\"text-align: center;\"><strong><span style=\"color: #ffffff;\">FORMACION EN ESCUELA DE BIODANZA<\/span><\/strong><\/h3>\n<p style=\"text-align: center;\">Programa \u00danico de Formaci\u00f3n.<\/p>\n<p style=\"text-align: center;\">\u00a0 <a class=\"maxbutton-1 maxbutton maxbutton-ver-mas-1\" href=\"https:\/\/movimientobiodanza.com\/wordpress\/programa-unico-de-formacion\/\" data-et-has-event-already=\"true\"><span class=\"mb-text\">VER MAS<\/span><\/a><\/p>\n<h3 class=\"uk-panel-title\" style=\"text-align: center;\"><\/h3>\n<h3 class=\"uk-panel-title\" style=\"text-align: center;\"><\/h3>\n<h3 class=\"uk-panel-title\" style=\"text-align: center;\"><strong><span style=\"color: #ffffff;\">VIAJES DE EXPANSI\u00d3N DE CONSCIENCIA<\/span><\/strong><\/h3>\n<p style=\"text-align: center;\">Te invitamos a ser parte del pr\u00f3ximo Proyecto Argonautas:<\/p>\n<p style=\"text-align: center;\">PEREGRINOS\u00a0 DE\u00a0 SANTIAGO\u00a0 DE\u00a0 COMPOSTELA<\/p>\n<p style=\"text-align: center;\">\u00a0 <a class=\"maxbutton-1 maxbutton maxbutton-ver-mas-1\" href=\"https:\/\/clinica-del-alma.com\/viajes-de-expansion-de-conciencia\/\" target=\"_blank\" rel=\"noopener noreferrer\" data-et-has-event-already=\"true\"><span class=\"mb-text\">VER MAS<\/span><\/a><\/p>\n<h3 class=\"uk-panel-title\" style=\"text-align: center;\"><\/h3>\n<h3 class=\"uk-panel-title\" style=\"text-align: center;\"><\/h3>\n<h3 class=\"uk-panel-title\" style=\"text-align: center;\"><strong><span style=\"color: #ffffff;\">TESIS DE GRADO<\/span><\/strong><\/h3>\n<p style=\"text-align: center;\">D<span lang=\"ES-VE\" style=\"font-family: 'Lobster Two'; color: #3a5795;\">e la Primera Cohorte de la Escuela de Biodanza del Sol de Maracaibo<o:p><\/o:p><\/span><\/p>\n<p align=\"center\" style=\"margin: 0cm; margin-bottom: .0001pt; text-align: center; background: #FF9900; vertical-align: baseline;\"><span lang=\"ES-VE\" style=\"font-family: 'Lobster Two'; color: #3a5795;\">Derechos <\/span><span lang=\"ES-VE\" style=\"font-family: 'Lobster Two'; color: red;\">R<\/span><span lang=\"ES-VE\" style=\"font-family: 'Lobster Two'; color: #3a5795;\">eservados<o:p><\/o:p><\/span><\/p>\n<p style=\"text-align: center;\">\u00a0 <a class=\"maxbutton-1 maxbutton maxbutton-ver-mas-1\" href=\"https:\/\/movimientobiodanza.com\/wordpress\/tesis\/\" target=\"_blank\" rel=\"noopener noreferrer\" data-et-has-event-already=\"true\"><span class=\"mb-text\">VER MAS<\/span><\/a><\/p>\n<p>[\/et_pb_text][et_pb_text _builder_version=&#8221;4.12.1&#8243; _module_preset=&#8221;default&#8221; text_font=&#8221;Lobster Two||||||||&#8221; text_text_color=&#8221;#3A5795&#8243; text_font_size=&#8221;16px&#8221; header_3_font=&#8221;Lato||||||||&#8221; background_color=&#8221;#4c2882&#8243; transform_scale=&#8221;105%|105%&#8221; transform_translate=&#8221;22px|82px&#8221; transform_translate_linked=&#8221;off&#8221; custom_padding=&#8221;40px|40px|40px|40px|false|false&#8221; global_colors_info=&#8221;{}&#8221;]<\/p>\n<h3 class=\"uk-panel-title\" style=\"text-align: center;\"><span style=\"color: #ffffff;\">MAGAS<\/span><\/h3>\n<p>\u201c<span style=\"color: #9e44af;\">MAGAS\u201d, busca liberar al cuerpo de ataduras, devolverle el movimiento libre y sinuoso que magnifican las telas con su textura suave y su ca\u00edda a\u00e9rea.<\/span><\/p>\n<p><span style=\"color: #9e44af;\">M\u00e1s que una marca, es una invitaci\u00f3n, que busca despertar en el interior de cada mujer su huella \u00fanica, m\u00e1s all\u00e1 de los prototipos sociales.<\/span><\/p>\n<p><span style=\"color: #9e44af;\">\u201cMAGAS\u201d es una l\u00ednea de prendas de vestir ideales para las profesoras de Biodanza<\/span><\/p>\n<p><span style=\"color: #9e44af;\">y de cosm\u00e9tica natural para el cuidado org\u00e1nico del \u00f3rgano m\u00e1s extenso del cuerpo:\u00a0la piel<\/span><\/p>\n<h3 class=\"uk-panel-title\" style=\"text-align: center;\"><span style=\"color: #9e44af;\"><a href=\"https:\/\/magasprendas.com\/\" target=\"_blank\" rel=\"noopener\" title=\"MAGAS\" style=\"color: #9e44af;\"><img loading=\"lazy\" src=\"https:\/\/movimientobiodanza.com\/wordpress\/wp-content\/uploads\/2022\/06\/magas.png\" width=\"93\" height=\"93\" alt=\"\" class=\"wp-image-2556 alignnone size-full\" \/><\/a><\/span><\/h3>\n<p style=\"text-align: center;\"><a href=\"https:\/\/magasprendas.com\/\" target=\"_blank\" rel=\"noopener\">ENTRAR A LA TIENDA IRTUAL<\/a><\/p>\n<p>[\/et_pb_text][et_pb_text _builder_version=&#8221;4.12.1&#8243; _module_preset=&#8221;default&#8221; text_font=&#8221;Lobster Two||||||||&#8221; text_text_color=&#8221;#3A5795&#8243; text_font_size=&#8221;16px&#8221; header_3_font=&#8221;Lato||||||||&#8221; background_color=&#8221;#5DC1B9&#8243; transform_scale=&#8221;105%|105%&#8221; transform_translate=&#8221;21px|96px&#8221; transform_translate_linked=&#8221;off&#8221; custom_padding=&#8221;40px|40px|40px|40px|false|false&#8221; global_colors_info=&#8221;{}&#8221;]<\/p>\n<p><img loading=\"lazy\" class=\"wp-image-2505 size-medium aligncenter\" src=\"https:\/\/movimientobiodanza.com\/wordpress\/wp-content\/uploads\/2021\/10\/Sandra-NY-2-300x281.jpg\" alt=\"\" width=\"300\" height=\"281\" \/><\/p>\n<h3 class=\"uk-panel-title\" style=\"text-align: center;\"><span style=\"color: #ffffff;\">TRABAJO DE GRADO DE SANDRA FERN\u00c1NDEZ LARUMBE<\/span><\/h3>\n<p style=\"text-align: center;\">La Vivencia Integradora, un Proceso Cu\u00e1ntico de Transformaci\u00f3n.<\/p>\n<p style=\"text-align: center;\">\u00a0 <a class=\"maxbutton-1 maxbutton maxbutton-ver-mas-1\" href=\"https:\/\/movimientobiodanza.com\/tesis\/TesinaBiodanzaSandraFern\u00e1ndezLarumbe.pdf\" data-et-has-event-already=\"true\"><span class=\"mb-text\">VER MAS<\/span><\/a><\/p>\n<p>[\/et_pb_text][\/et_pb_column][et_pb_column type=&#8221;3_4&#8243; specialty_columns=&#8221;3&#8243; _builder_version=&#8221;3.25&#8243; custom_padding=&#8221;|||&#8221; global_colors_info=&#8221;{}&#8221; custom_padding__hover=&#8221;|||&#8221;][et_pb_row_inner _builder_version=&#8221;4.12.1&#8243; _module_preset=&#8221;default&#8221; global_colors_info=&#8221;{}&#8221;][et_pb_column_inner saved_specialty_column_type=&#8221;3_4&#8243; _builder_version=&#8221;4.12.1&#8243; _module_preset=&#8221;default&#8221; global_colors_info=&#8221;{}&#8221;][et_pb_video src=&#8221;https:\/\/www.youtube.com\/watch?v=Jvtg7tVIMeo&#038;feature=emb_title&#8221; _builder_version=&#8221;4.6.0&#8243; _module_preset=&#8221;default&#8221; background_color=&#8221;#ffffff&#8221; custom_padding=&#8221;20px|20px|20px|20px|false|false&#8221; global_colors_info=&#8221;{}&#8221;][\/et_pb_video][\/et_pb_column_inner][\/et_pb_row_inner][et_pb_row_inner column_structure=&#8221;1_2,1_2&#8243; _builder_version=&#8221;4.12.1&#8243; _module_preset=&#8221;default&#8221; background_color=&#8221;#3a5795&#8243; global_colors_info=&#8221;{}&#8221;][et_pb_column_inner type=&#8221;1_2&#8243; saved_specialty_column_type=&#8221;3_4&#8243; _builder_version=&#8221;4.12.1&#8243; _module_preset=&#8221;default&#8221; global_colors_info=&#8221;{}&#8221;][et_pb_text _builder_version=&#8221;4.12.1&#8243; _module_preset=&#8221;default&#8221; text_font=&#8221;Lobster Two||||||||&#8221; text_text_color=&#8221;#0c71c3&#8243; text_font_size=&#8221;22px&#8221; header_font=&#8221;Lato||||||||&#8221; header_text_color=&#8221;#ffffff&#8221; header_font_size=&#8221;20px&#8221; background_color=&#8221;#3A5795&#8243; custom_padding=&#8221;50px|50px|50px|50px|false|false&#8221; global_colors_info=&#8221;{}&#8221;]<\/p>\n<h1 style=\"text-align: center;\">INICIO DE FORMACI\u00d3N<\/h1>\n<h1 style=\"text-align: center;\">DE FACILITADORAS\/ES DE BIODANZA<br \/>2023<\/h1>\n<h2 style=\"text-align: center; color: #fff;\"><a href=\"https:\/\/movimientobiodanza.com\/wordpress\/galeria-de-fotos\/\">Una Escuela de Vida en pleno contacto con la naturaleza<\/a><\/h2>\n<p style=\"text-align: center;\"><a style=\"text-align: center; color: #fff;\" href=\"https:\/\/movimientobiodanza.com\/wordpress\/para-que-estudiar-biodanza\/\">\u00bfPara qu\u00e9 estudiar Biodanza?<\/a><\/p>\n<p style=\"text-align: center; color: #fff;\">Informaci\u00f3n sobre la Escuela de Biodanza<\/p>\n<p>[\/et_pb_text][\/et_pb_column_inner][et_pb_column_inner type=&#8221;1_2&#8243; saved_specialty_column_type=&#8221;3_4&#8243; _builder_version=&#8221;4.12.1&#8243; _module_preset=&#8221;default&#8221; global_colors_info=&#8221;{}&#8221;][et_pb_text _builder_version=&#8221;4.12.1&#8243; _module_preset=&#8221;default&#8221; text_font=&#8221;Lobster Two||||||||&#8221; text_text_color=&#8221;#0c71c3&#8243; text_font_size=&#8221;22px&#8221; header_font=&#8221;Lato||||||||&#8221; header_text_color=&#8221;#ffffff&#8221; header_font_size=&#8221;20px&#8221; background_color=&#8221;#3A5795&#8243; width=&#8221;100%&#8221; custom_padding=&#8221;50px|50px|50px|50px|false|false&#8221; global_colors_info=&#8221;{}&#8221;]<\/p>\n<h1 style=\"text-align: center;\">REG\u00cdSTRATE<\/h1>\n<h1 style=\"text-align: center;\">Y RESERVA TU CUPO<\/h1>\n<p style=\"text-align: center;\"><a style=\"text-align: center; color: #fff;\" href=\"https:\/\/movimientobiodanza.com\/wordpress\/escribenos\/\">Para el nuevo Ciclo Formativo de la Segunda Promoci\u00f3n de Facilitadores de Biodanza. JULIO 2023<\/a><\/p>\n<p style=\"text-align: center; color: #fff;\">Requisitos para la Formaci\u00f3n\u00a0de Profesional de Biodanza<\/p>\n<p style=\"text-align: center; color: #fff;\">Calendario 2023 \/ 2024<\/p>\n<p>[\/et_pb_text][\/et_pb_column_inner][\/et_pb_row_inner][et_pb_row_inner _builder_version=&#8221;4.12.1&#8243; _module_preset=&#8221;default&#8221; global_colors_info=&#8221;{}&#8221;][et_pb_column_inner saved_specialty_column_type=&#8221;3_4&#8243; _builder_version=&#8221;4.12.1&#8243; _module_preset=&#8221;default&#8221; global_colors_info=&#8221;{}&#8221;][et_pb_slider _builder_version=&#8221;4.12.1&#8243; _module_preset=&#8221;default&#8221; auto=&#8221;on&#8221; auto_speed=&#8221;4000&#8243; link_option_url=&#8221;https:\/\/movimientobiodanza.com\/wordpress\/testimonios-de-los-alumnos\/&#8221; global_colors_info=&#8221;{}&#8221;][et_pb_slide heading=&#8221;MAR\u00cdA DOLORES RAM\u00cdREZ&#8221; button_text=&#8221;Leer mas&#8221; button_link=&#8221;@ET-DC@eyJkeW5hbWljIjp0cnVlLCJjb250ZW50IjoicG9zdF9saW5rX3VybF9wYWdlIiwic2V0dGluZ3MiOnsicG9zdF9pZCI6IjEyODkifX0=@&#8221; image=&#8221;https:\/\/movimientobiodanza.com\/wordpress\/wp-content\/uploads\/2020\/12\/Lolina.png&#8221; _builder_version=&#8221;4.6.0&#8243; _dynamic_attributes=&#8221;button_link&#8221; _module_preset=&#8221;default&#8221; background_color=&#8221;#FF00FF&#8221; background_enable_color=&#8221;on&#8221; global_colors_info=&#8221;{}&#8221; sticky_transition=&#8221;on&#8221;]<\/p>\n<p>&#8220;Danzar para m\u00ed es respirar a cada momento&#8221;<\/p>\n<p>Mar\u00eda<\/p>\n<p>[\/et_pb_slide][et_pb_slide heading=&#8221;OLIVA HUITR\u00d3N&#8221; button_text=&#8221;Leer mas&#8221; button_link=&#8221;@ET-DC@eyJkeW5hbWljIjp0cnVlLCJjb250ZW50IjoicG9zdF9saW5rX3VybF9wYWdlIiwic2V0dGluZ3MiOnsicG9zdF9pZCI6IjEyODkifX0=@&#8221; image=&#8221;https:\/\/movimientobiodanza.com\/wordpress\/wp-content\/uploads\/2020\/12\/oliva.jpg&#8221; _builder_version=&#8221;4.6.0&#8243; _dynamic_attributes=&#8221;button_link&#8221; _module_preset=&#8221;default&#8221; background_color=&#8221;#FF00FF&#8221; background_enable_color=&#8221;on&#8221; global_colors_info=&#8221;{}&#8221; sticky_transition=&#8221;on&#8221;]<\/p>\n<p>&#8220;&#8230;.ha cambiado mi entorno, mi relaci\u00f3n con las personas, con la comida y sobre todo conmigo misma &#8230; &#8220;<\/p>\n<p>Olivia<\/p>\n<p>[\/et_pb_slide][et_pb_slide heading=&#8221;LUC\u00cdA PEREZGASGA CINCOMANI&#8221; button_text=&#8221;Leer mas&#8221; button_link=&#8221;@ET-DC@eyJkeW5hbWljIjp0cnVlLCJjb250ZW50IjoicG9zdF9saW5rX3VybF9wYWdlIiwic2V0dGluZ3MiOnsicG9zdF9pZCI6IjEyODkifX0=@&#8221; image=&#8221;https:\/\/movimientobiodanza.com\/wordpress\/wp-content\/uploads\/2020\/12\/LUCI\u0301A.jpg&#8221; _builder_version=&#8221;4.6.0&#8243; _dynamic_attributes=&#8221;button_link&#8221; _module_preset=&#8221;default&#8221; background_color=&#8221;#FF00FF&#8221; background_enable_color=&#8221;on&#8221; global_colors_info=&#8221;{}&#8221; sticky_transition=&#8221;on&#8221;]<\/p>\n<p>&#8221; \u00a1Yo ya no concibo mi vida sin Biodanza! &#8220;<\/p>\n<p>Luc\u00eda<\/p>\n<p>[\/et_pb_slide][et_pb_slide heading=&#8221;LUCERO PAZ&#8221; button_text=&#8221;Leer mas&#8221; button_link=&#8221;@ET-DC@eyJkeW5hbWljIjp0cnVlLCJjb250ZW50IjoicG9zdF9saW5rX3VybF9wYWdlIiwic2V0dGluZ3MiOnsicG9zdF9pZCI6IjEyODkifX0=@&#8221; image=&#8221;https:\/\/movimientobiodanza.com\/wordpress\/wp-content\/uploads\/2020\/12\/LUCERO-PAZ.jpg&#8221; _builder_version=&#8221;4.6.0&#8243; _dynamic_attributes=&#8221;button_link&#8221; _module_preset=&#8221;default&#8221; background_color=&#8221;#FF00FF&#8221; background_enable_color=&#8221;on&#8221; global_colors_info=&#8221;{}&#8221; sticky_transition=&#8221;on&#8221;]<\/p>\n<p>&#8220;El sistema Biodanza me ha hecho experimentar una plasticidad c\u00e1lida y org\u00e1nica que se entreteje con mi cuerpo y la m\u00fasica&#8221;<\/p>\n<p>Lucero<\/p>\n<p>[\/et_pb_slide][et_pb_slide heading=&#8221;MAR\u00cdA TERESA ZERME\u00d1O MART\u00cdNEZ&#8221; button_text=&#8221;Leer mas&#8221; button_link=&#8221;@ET-DC@eyJkeW5hbWljIjp0cnVlLCJjb250ZW50IjoicG9zdF9saW5rX3VybF9wYWdlIiwic2V0dGluZ3MiOnsicG9zdF9pZCI6IjEyODkifX0=@&#8221; image=&#8221;https:\/\/movimientobiodanza.com\/wordpress\/wp-content\/uploads\/2020\/12\/unnamed.png&#8221; _builder_version=&#8221;4.6.0&#8243; _dynamic_attributes=&#8221;button_link&#8221; _module_preset=&#8221;default&#8221; background_color=&#8221;#FF00FF&#8221; background_enable_color=&#8221;on&#8221; global_colors_info=&#8221;{}&#8221; sticky_transition=&#8221;on&#8221;]<\/p>\n<p>&#8220;Biodanza llega a mi vida cuando justo buscaba expandir mi consciencia espiritual de manera m\u00e1s profunda y seguir reconociendo la grandeza que me habita. &#8220;<\/p>\n<p>Mar\u00eda<\/p>\n<p>[\/et_pb_slide][et_pb_slide heading=&#8221;ADRI\u00c1N BAUTISTA RANGEL&#8221; button_text=&#8221;Leer mas&#8221; button_link=&#8221;@ET-DC@eyJkeW5hbWljIjp0cnVlLCJjb250ZW50IjoicG9zdF9saW5rX3VybF9wYWdlIiwic2V0dGluZ3MiOnsicG9zdF9pZCI6IjEyODkifX0=@&#8221; image=&#8221;https:\/\/movimientobiodanza.com\/wordpress\/wp-content\/uploads\/2020\/12\/Adria\u0301n-Bautista.png&#8221; _builder_version=&#8221;4.6.0&#8243; _dynamic_attributes=&#8221;button_link&#8221; _module_preset=&#8221;default&#8221; background_color=&#8221;#FF00FF&#8221; background_enable_color=&#8221;on&#8221; global_colors_info=&#8221;{}&#8221; sticky_transition=&#8221;on&#8221;]<\/p>\n<p>&#8220;Hoy danzo poniendo la vida al centro. \u00a1Gracias Biodanza!&#8221;<\/p>\n<p>Adri\u00e1n<\/p>\n<p>[\/et_pb_slide][et_pb_slide heading=&#8221;GLORIA ADELINA RODR\u00cdGUEZ POSADA&#8221; button_text=&#8221;Leer mas&#8221; button_link=&#8221;@ET-DC@eyJkeW5hbWljIjp0cnVlLCJjb250ZW50IjoicG9zdF9saW5rX3VybF9wYWdlIiwic2V0dGluZ3MiOnsicG9zdF9pZCI6IjEyODkifX0=@&#8221; image=&#8221;https:\/\/movimientobiodanza.com\/wordpress\/wp-content\/uploads\/2020\/12\/GLORIA-ROGRI\u0301GUEZ.jpg&#8221; _builder_version=&#8221;4.6.0&#8243; _dynamic_attributes=&#8221;button_link&#8221; _module_preset=&#8221;default&#8221; background_color=&#8221;#FF00FF&#8221; background_enable_color=&#8221;on&#8221; global_colors_info=&#8221;{}&#8221; sticky_transition=&#8221;on&#8221;]<\/p>\n<p>&#8220;La Biodanza lleg\u00f3 a mi vida como un regalo&#8221;<\/p>\n<p>Gloria<\/p>\n<p>[\/et_pb_slide][et_pb_slide heading=&#8221;M\u00d3NIKA WEBER&#8221; button_text=&#8221;Leer mas&#8221; button_link=&#8221;@ET-DC@eyJkeW5hbWljIjp0cnVlLCJjb250ZW50IjoicG9zdF9saW5rX3VybF9wYWdlIiwic2V0dGluZ3MiOnsicG9zdF9pZCI6IjEyODkifX0=@&#8221; image=&#8221;https:\/\/movimientobiodanza.com\/wordpress\/wp-content\/uploads\/2020\/12\/Mo\u0301nika-Weber.jpeg&#8221; _builder_version=&#8221;4.6.0&#8243; _dynamic_attributes=&#8221;button_link&#8221; _module_preset=&#8221;default&#8221; background_color=&#8221;#FF00FF&#8221; background_enable_color=&#8221;on&#8221; global_colors_info=&#8221;{}&#8221; sticky_transition=&#8221;on&#8221;]<\/p>\n<p>&#8220;Para m\u00ed la Biodanza es un lugar de reencuentro, de cobijo, de calor humano en todos sus sentidos, de gozo, de abrazos, de olvido del d\u00eda a d\u00eda y del estr\u00e9s, de conocer y sentir el amor de diferentes maneras&#8221;<\/p>\n<p>M\u00f3nika<\/p>\n<p>[\/et_pb_slide][et_pb_slide heading=&#8221;TAMARA GUTI\u00c9RREZ&#8221; button_text=&#8221;Leer mas&#8221; button_link=&#8221;@ET-DC@eyJkeW5hbWljIjp0cnVlLCJjb250ZW50IjoicG9zdF9saW5rX3VybF9wYWdlIiwic2V0dGluZ3MiOnsicG9zdF9pZCI6IjEyODkifX0=@&#8221; image=&#8221;https:\/\/movimientobiodanza.com\/wordpress\/wp-content\/uploads\/2020\/09\/TamaraGutierrez.png&#8221; _builder_version=&#8221;4.6.0&#8243; _dynamic_attributes=&#8221;button_link&#8221; _module_preset=&#8221;default&#8221; background_color=&#8221;#FF00FF&#8221; background_enable_color=&#8221;on&#8221; global_colors_info=&#8221;{}&#8221; sticky_transition=&#8221;on&#8221;]&#8221;Danzo luego vivo, danzo con el viento y me doy cuenta que el latido suave de mi coraz\u00f3n expande mi conciencia&#8230;&#8221;<\/p>\n<p>Tamara[\/et_pb_slide][et_pb_slide heading=&#8221;MARIA BALZA&#8221; button_text=&#8221;Leer mas&#8221; button_link=&#8221;@ET-DC@eyJkeW5hbWljIjp0cnVlLCJjb250ZW50IjoicG9zdF9saW5rX3VybF9wYWdlIiwic2V0dGluZ3MiOnsicG9zdF9pZCI6IjEyODkifX0=@&#8221; image=&#8221;https:\/\/movimientobiodanza.com\/wordpress\/wp-content\/uploads\/2020\/09\/MariaBalza.png&#8221; _builder_version=&#8221;4.6.0&#8243; _dynamic_attributes=&#8221;button_link&#8221; _module_preset=&#8221;default&#8221; background_color=&#8221;#FF00FF&#8221; background_enable_color=&#8221;on&#8221; global_colors_info=&#8221;{}&#8221; sticky_transition=&#8221;on&#8221;]&#8221;\u2026Cuando pienso en estos casi tres a\u00f1os de formaci\u00f3n para ser Profesora de Biodanza en la Escuela Venezolana de Biodanza del Sol de Maracaibo, solo puedo agradecer a Rolando Toro&#8221;<\/p>\n<p>Mar\u00eda Balza[\/et_pb_slide][et_pb_slide heading=&#8221;RICARDO ALLENDES&#8221; button_text=&#8221;Leer mas&#8221; button_link=&#8221;@ET-DC@eyJkeW5hbWljIjp0cnVlLCJjb250ZW50IjoicG9zdF9saW5rX3VybF9wYWdlIiwic2V0dGluZ3MiOnsicG9zdF9pZCI6IjEyODkifX0=@&#8221; image=&#8221;https:\/\/movimientobiodanza.com\/wordpress\/wp-content\/uploads\/2020\/09\/RicardoAllendes.png&#8221; _builder_version=&#8221;4.6.0&#8243; _dynamic_attributes=&#8221;button_link&#8221; _module_preset=&#8221;default&#8221; background_color=&#8221;#FF00FF&#8221; background_enable_color=&#8221;on&#8221; global_colors_info=&#8221;{}&#8221; sticky_transition=&#8221;on&#8221;]&#8221;Biodanza es un hito que marca un antes y un despu\u00e9s en mi historia personal. Desde que emprend\u00ed este camino de profundizaci\u00f3n y reverencia por la vida&#8221;<\/p>\n<p>Ricardo Allendes[\/et_pb_slide][et_pb_slide heading=&#8221;NORVELIA VEL\u00c1SQUEZ&#8221; button_text=&#8221;Leer mas&#8221; button_link=&#8221;@ET-DC@eyJkeW5hbWljIjp0cnVlLCJjb250ZW50IjoicG9zdF9saW5rX3VybF9wYWdlIiwic2V0dGluZ3MiOnsicG9zdF9pZCI6IjEyODkifX0=@&#8221; image=&#8221;https:\/\/movimientobiodanza.com\/wordpress\/wp-content\/uploads\/2020\/09\/NorveliaVelasquez.png&#8221; _builder_version=&#8221;4.6.0&#8243; _dynamic_attributes=&#8221;button_link&#8221; _module_preset=&#8221;default&#8221; background_color=&#8221;#FF00FF&#8221; background_enable_color=&#8221;on&#8221; global_colors_info=&#8221;{}&#8221; sticky_transition=&#8221;on&#8221;]&#8221;Biodanza me dio una nueva mirada a la vida&#8230; Seguramente solo me record\u00f3 la forma en c\u00f3mo originalmente la ve\u00eda.&#8221;<\/p>\n<p>Norvelia Vel\u00e1squez[\/et_pb_slide][et_pb_slide heading=&#8221;BEATRIZ MORILLO&#8221; button_text=&#8221;Leer mas&#8221; button_link=&#8221;@ET-DC@eyJkeW5hbWljIjp0cnVlLCJjb250ZW50IjoicG9zdF9saW5rX3VybF9wYWdlIiwic2V0dGluZ3MiOnsicG9zdF9pZCI6IjEyODkifX0=@&#8221; image=&#8221;https:\/\/movimientobiodanza.com\/wordpress\/wp-content\/uploads\/2020\/09\/BeatrizMorillo.png&#8221; _builder_version=&#8221;4.6.0&#8243; _dynamic_attributes=&#8221;button_link&#8221; _module_preset=&#8221;default&#8221; background_color=&#8221;#FF00FF&#8221; background_enable_color=&#8221;on&#8221; global_colors_info=&#8221;{}&#8221; sticky_transition=&#8221;on&#8221;]&#8221;Amigos, hermanos\u2026qu\u00e9 les puedo decir, participar semanalmente en las sesiones de Biodanza me ha llevado a redescubrir &#8230;.&#8221;<\/p>\n<p>Beatriz Morillo[\/et_pb_slide][et_pb_slide heading=&#8221;THAIS PARRA&#8221; button_text=&#8221;Leer mas&#8221; button_link=&#8221;@ET-DC@eyJkeW5hbWljIjp0cnVlLCJjb250ZW50IjoicG9zdF9saW5rX3VybF9wYWdlIiwic2V0dGluZ3MiOnsicG9zdF9pZCI6IjEyODkifX0=@&#8221; image=&#8221;https:\/\/movimientobiodanza.com\/wordpress\/wp-content\/uploads\/2020\/09\/ThaisParra.png&#8221; _builder_version=&#8221;4.6.0&#8243; _dynamic_attributes=&#8221;button_link&#8221; _module_preset=&#8221;default&#8221; background_color=&#8221;#FF00FF&#8221; background_enable_color=&#8221;on&#8221; global_colors_info=&#8221;{}&#8221; sticky_transition=&#8221;on&#8221;]&#8221;Agradecida por esta oportunidad, mi coraz\u00f3n se llena de alegr\u00eda de poder dar a conocer mi historia. &#8220;<\/p>\n<p>Thais Parra[\/et_pb_slide][et_pb_slide heading=&#8221;MARIEMMA DIAZ&#8221; button_text=&#8221;Leer mas&#8221; button_link=&#8221;@ET-DC@eyJkeW5hbWljIjp0cnVlLCJjb250ZW50IjoicG9zdF9saW5rX3VybF9wYWdlIiwic2V0dGluZ3MiOnsicG9zdF9pZCI6IjEyODkifX0=@&#8221; image=&#8221;https:\/\/movimientobiodanza.com\/wordpress\/wp-content\/uploads\/2020\/09\/MariemmaDiaz.png&#8221; _builder_version=&#8221;4.6.0&#8243; _dynamic_attributes=&#8221;button_link&#8221; _module_preset=&#8221;default&#8221; background_color=&#8221;#FF00FF&#8221; background_enable_color=&#8221;on&#8221; global_colors_info=&#8221;{}&#8221; sticky_transition=&#8221;on&#8221;]&#8221;Biodanza ha sido el camino m\u00e1s dulce que he recorrido hacia mi propia reconciliaci\u00f3n.&#8221;<\/p>\n<p>Mariemma Diaz[\/et_pb_slide][et_pb_slide heading=&#8221;JENNY MARIA ULACIO&#8221; button_text=&#8221;Leer mas&#8221; button_link=&#8221;@ET-DC@eyJkeW5hbWljIjp0cnVlLCJjb250ZW50IjoicG9zdF9saW5rX3VybF9wYWdlIiwic2V0dGluZ3MiOnsicG9zdF9pZCI6IjEyODkifX0=@&#8221; image=&#8221;https:\/\/movimientobiodanza.com\/wordpress\/wp-content\/uploads\/2020\/09\/JennyMariaUlacioM.png&#8221; _builder_version=&#8221;4.6.0&#8243; _dynamic_attributes=&#8221;button_link&#8221; _module_preset=&#8221;default&#8221; background_color=&#8221;#FF00FF&#8221; background_enable_color=&#8221;on&#8221; global_colors_info=&#8221;{}&#8221; sticky_transition=&#8221;on&#8221;]&#8221;Biodanza significa para m\u00ed, el poder reconocerme y aceptarme, es saber que puedo caminar por la vida con la frente en alto.&#8221;<\/p>\n<p>Jenny Maria Ulacio[\/et_pb_slide][et_pb_slide heading=&#8221;MIRGUI NAVARRO&#8221; button_text=&#8221;Leer mas&#8221; image=&#8221;https:\/\/movimientobiodanza.com\/wordpress\/wp-content\/uploads\/2020\/09\/MirguiNavarro.png&#8221; _builder_version=&#8221;4.6.0&#8243; _dynamic_attributes=&#8221;link_option_url&#8221; _module_preset=&#8221;default&#8221; background_color=&#8221;#FF00FF&#8221; background_enable_color=&#8221;on&#8221; link_option_url=&#8221;@ET-DC@eyJkeW5hbWljIjp0cnVlLCJjb250ZW50IjoicG9zdF9saW5rX3VybF9wYWdlIiwic2V0dGluZ3MiOnsicG9zdF9pZCI6IjEyODkifX0=@&#8221; global_colors_info=&#8221;{}&#8221; sticky_transition=&#8221;on&#8221;]&#8221;Durante la pr\u00e1ctica de la Biodanza como participante y ahora formado parte del grupo que vive el proceso formativo para ser Facilitadora de Vida&#8221;<\/p>\n<p>Mirgui Navarro[\/et_pb_slide][et_pb_slide heading=&#8221;MAGALY LINARES&#8221; button_text=&#8221;Leer mas&#8221; button_link=&#8221;@ET-DC@eyJkeW5hbWljIjp0cnVlLCJjb250ZW50IjoicG9zdF9saW5rX3VybF9wYWdlIiwic2V0dGluZ3MiOnsicG9zdF9pZCI6IjEyODkifX0=@&#8221; image=&#8221;https:\/\/movimientobiodanza.com\/wordpress\/wp-content\/uploads\/2020\/09\/MagalyLinares.png&#8221; _builder_version=&#8221;4.6.0&#8243; _dynamic_attributes=&#8221;button_link&#8221; _module_preset=&#8221;default&#8221; background_color=&#8221;#FF00FF&#8221; background_enable_color=&#8221;on&#8221; global_colors_info=&#8221;{}&#8221; sticky_transition=&#8221;on&#8221;]&#8221;Cuando Biodanza y yo nos conocimos, fue un amor a primera vista y surgi\u00f3 esa certeza que ser\u00eda una relaci\u00f3n muy importante y trascendente.&#8221;<\/p>\n<p>Magaly Linares[\/et_pb_slide][et_pb_slide heading=&#8221;PATRICIA MOLARO TOPPAZZINI&#8221; button_text=&#8221;Leer mas&#8221; button_link=&#8221;@ET-DC@eyJkeW5hbWljIjp0cnVlLCJjb250ZW50IjoicG9zdF9saW5rX3VybF9wYWdlIiwic2V0dGluZ3MiOnsicG9zdF9pZCI6IjEyODkifX0=@&#8221; image=&#8221;https:\/\/movimientobiodanza.com\/wordpress\/wp-content\/uploads\/2020\/09\/PatriciaMolaroToppazzini.png&#8221; _builder_version=&#8221;4.6.0&#8243; _dynamic_attributes=&#8221;button_link&#8221; _module_preset=&#8221;default&#8221; background_color=&#8221;#FF00FF&#8221; background_enable_color=&#8221;on&#8221; global_colors_info=&#8221;{}&#8221; sticky_transition=&#8221;on&#8221;]<\/p>\n<p>&#8220;Cuando Biodanza y yo nos conocimos, fue un amor a primera vista y surgi\u00f3 esa certeza que ser\u00eda una relaci\u00f3n muy importante y trascendente&#8230; &#8220;<\/p>\n<p>Patricia Molaro Toppazzini<\/p>\n<p>[\/et_pb_slide][et_pb_slide heading=&#8221;MARIA INES COLLAO ORTIZ&#8221; button_text=&#8221;Leer mas&#8221; button_link=&#8221;@ET-DC@eyJkeW5hbWljIjp0cnVlLCJjb250ZW50IjoicG9zdF9saW5rX3VybF9wYWdlIiwic2V0dGluZ3MiOnsicG9zdF9pZCI6IjEyODkifX0=@&#8221; image=&#8221;https:\/\/movimientobiodanza.com\/wordpress\/wp-content\/uploads\/2020\/09\/MariaInesCollaoOrtiz.png&#8221; _builder_version=&#8221;4.6.0&#8243; _dynamic_attributes=&#8221;button_link&#8221; _module_preset=&#8221;default&#8221; background_color=&#8221;#FF00FF&#8221; background_enable_color=&#8221;on&#8221; global_colors_info=&#8221;{}&#8221; sticky_transition=&#8221;on&#8221;]&#8221;BIODANZA, es un poderoso sistema de integraci\u00f3n humana con base cient\u00edfica, el cual ha tenido en mi, un efecto regulador y armonizador a nivel org\u00e1nico, emocional y existencial&#8230; &#8220;<\/p>\n<p>Maria Ines Collao Ortiz[\/et_pb_slide][et_pb_slide heading=&#8221;MARISOL GONCALVES NUNES&#8221; button_text=&#8221;Leer mas&#8221; button_link=&#8221;@ET-DC@eyJkeW5hbWljIjp0cnVlLCJjb250ZW50IjoicG9zdF9saW5rX3VybF9wYWdlIiwic2V0dGluZ3MiOnsicG9zdF9pZCI6IjEyODkifX0=@&#8221; image=&#8221;https:\/\/movimientobiodanza.com\/wordpress\/wp-content\/uploads\/2020\/09\/MarisolGoncalvesNunes.png&#8221; _builder_version=&#8221;4.6.0&#8243; _dynamic_attributes=&#8221;button_link&#8221; _module_preset=&#8221;default&#8221; background_color=&#8221;#FF00FF&#8221; background_enable_color=&#8221;on&#8221; global_colors_info=&#8221;{}&#8221; sticky_transition=&#8221;on&#8221;]&#8221;Mi experiencia en la formaci\u00f3n como Facilitadora de Biodanza ha sido como un camino en el cual poco a poco he encontrado una serie de puertas, que al abrirlas me he encontrado conmigo misma&#8230; &#8220;<\/p>\n<p>Marisol Goncalves Nunes[\/et_pb_slide][et_pb_slide heading=&#8221;SOL ALMAO&#8221; button_text=&#8221;Leer mas&#8221; button_link=&#8221;@ET-DC@eyJkeW5hbWljIjp0cnVlLCJjb250ZW50IjoicG9zdF9saW5rX3VybF9wYWdlIiwic2V0dGluZ3MiOnsicG9zdF9pZCI6IjEyODkifX0=@&#8221; image=&#8221;https:\/\/movimientobiodanza.com\/wordpress\/wp-content\/uploads\/2020\/10\/SolAlmao.png&#8221; _builder_version=&#8221;4.6.0&#8243; _dynamic_attributes=&#8221;button_link&#8221; _module_preset=&#8221;default&#8221; background_color=&#8221;#FF00FF&#8221; background_enable_color=&#8221;on&#8221; global_colors_info=&#8221;{}&#8221; sticky_transition=&#8221;on&#8221;]Biodanza para mi desde que la conoc\u00ed fue amor a primera vista, enamorarme de las experiencias en grupo, la m\u00fasica, la danza&#8230; &#8220;<\/p>\n<p>Sol Almao[\/et_pb_slide][et_pb_slide heading=&#8221;ROLANDO TAPIA&#8221; button_text=&#8221;Leer mas&#8221; button_link=&#8221;@ET-DC@eyJkeW5hbWljIjp0cnVlLCJjb250ZW50IjoicG9zdF9saW5rX3VybF9wYWdlIiwic2V0dGluZ3MiOnsicG9zdF9pZCI6IjEyODkifX0=@&#8221; image=&#8221;https:\/\/movimientobiodanza.com\/wordpress\/wp-content\/uploads\/2020\/09\/RolandoTapia.png&#8221; _builder_version=&#8221;4.6.0&#8243; _dynamic_attributes=&#8221;button_link&#8221; _module_preset=&#8221;default&#8221; background_color=&#8221;#FF00FF&#8221; background_enable_color=&#8221;on&#8221; global_colors_info=&#8221;{}&#8221; sticky_transition=&#8221;on&#8221;]&#8221;En el a\u00f1o 2008, experimente una crisis existencial que me llev\u00f3 a una profunda depresi\u00f3n. En ese momento descubr\u00ed la Biodanza como una fuente inspiradora de vida que facilit\u00f3 para m\u00ed, de una manera dulce y amorosa, encontrar en el interior de mi propio Ser &#8230; &#8220;<\/p>\n<p>Rolando Tapia[\/et_pb_slide][et_pb_slide heading=&#8221;JOANNA HENRRIQUEZ&#8221; button_text=&#8221;Leer mas&#8221; button_link=&#8221;@ET-DC@eyJkeW5hbWljIjp0cnVlLCJjb250ZW50IjoicG9zdF9saW5rX3VybF9wYWdlIiwic2V0dGluZ3MiOnsicG9zdF9pZCI6IjEyODkifX0=@&#8221; image=&#8221;https:\/\/movimientobiodanza.com\/wordpress\/wp-content\/uploads\/2020\/09\/JoannaHenrriquez.png&#8221; _builder_version=&#8221;4.6.0&#8243; _dynamic_attributes=&#8221;button_link&#8221; _module_preset=&#8221;default&#8221; background_color=&#8221;#FF00FF&#8221; background_enable_color=&#8221;on&#8221; global_colors_info=&#8221;{}&#8221; sticky_transition=&#8221;on&#8221;]&#8221;Biodanza me hizo concientizar sobre una vida plena, tomando el coraje para resurgir del fondo&#8230; &#8220;<\/p>\n<p>Joanna Henrriquez[\/et_pb_slide][et_pb_slide heading=&#8221;JOHAN UZCATEGUI&#8221; button_text=&#8221;Leer mas&#8221; button_link=&#8221;@ET-DC@eyJkeW5hbWljIjp0cnVlLCJjb250ZW50IjoicG9zdF9saW5rX3VybF9wYWdlIiwic2V0dGluZ3MiOnsicG9zdF9pZCI6IjEyODkifX0=@&#8221; image=&#8221;https:\/\/movimientobiodanza.com\/wordpress\/wp-content\/uploads\/2020\/09\/JohanUzcategui.png&#8221; _builder_version=&#8221;4.6.0&#8243; _dynamic_attributes=&#8221;button_link&#8221; _module_preset=&#8221;default&#8221; background_color=&#8221;#FF00FF&#8221; background_enable_color=&#8221;on&#8221; global_colors_info=&#8221;{}&#8221; sticky_transition=&#8221;on&#8221;]&#8221;Llegu\u00e9 a Biodanza despu\u00e9s de buscar en distintos lugares, empleos, religiones, autores y cursos las respuestas a interrogantes que conscientemente ignoraba&#8230;..&#8221;<\/p>\n<p>Johan Uzcategui[\/et_pb_slide][et_pb_slide heading=&#8221;YAJAIRA DIAZ&#8221; button_text=&#8221;Leer mas&#8221; button_link=&#8221;@ET-DC@eyJkeW5hbWljIjp0cnVlLCJjb250ZW50IjoicG9zdF9saW5rX3VybF9wYWdlIiwic2V0dGluZ3MiOnsicG9zdF9pZCI6IjEyODkifX0=@&#8221; image=&#8221;https:\/\/movimientobiodanza.com\/wordpress\/wp-content\/uploads\/2020\/09\/YajairaDiaz.png&#8221; _builder_version=&#8221;4.6.0&#8243; _dynamic_attributes=&#8221;button_link&#8221; _module_preset=&#8221;default&#8221; background_color=&#8221;#FF00FF&#8221; background_enable_color=&#8221;on&#8221; global_colors_info=&#8221;{}&#8221; sticky_transition=&#8221;on&#8221;]&#8221;Hace 4 a\u00f1os conoc\u00ed la Biodanza, su propuesta me fue seduciendo, con sus consignas, m\u00fasica y movimiento, pero lo que m\u00e1s me impacto es la posibilidad de alcanzar &#8220;la salud cr\u00f3nica&#8221;&#8230;..&#8221;<\/p>\n<p>Yajaira Diaz[\/et_pb_slide][et_pb_slide heading=&#8221;JOSE PI\u00d1A&#8221; button_text=&#8221;Leer mas&#8221; button_link=&#8221;@ET-DC@eyJkeW5hbWljIjp0cnVlLCJjb250ZW50IjoicG9zdF9saW5rX3VybF9wYWdlIiwic2V0dGluZ3MiOnsicG9zdF9pZCI6IjEyODkifX0=@&#8221; image=&#8221;https:\/\/movimientobiodanza.com\/wordpress\/wp-content\/uploads\/2020\/09\/JosePina.png&#8221; _builder_version=&#8221;4.6.0&#8243; _dynamic_attributes=&#8221;button_link&#8221; _module_preset=&#8221;default&#8221; background_color=&#8221;#FF00FF&#8221; background_enable_color=&#8221;on&#8221; global_colors_info=&#8221;{}&#8221; sticky_transition=&#8221;on&#8221;]&#8221;Biodanza ha significado un cambio radical en el modo de manejarme con mis emociones y la libertad de movimiento que experimento ahora con mi cuerpo.&#8221;<\/p>\n<p>Jose Pi\u00f1a[\/et_pb_slide][et_pb_slide heading=&#8221;NELLY LUZARDO&#8221; button_text=&#8221;Leer mas&#8221; button_link=&#8221;@ET-DC@eyJkeW5hbWljIjp0cnVlLCJjb250ZW50IjoicG9zdF9saW5rX3VybF9wYWdlIiwic2V0dGluZ3MiOnsicG9zdF9pZCI6IjEyODkifX0=@&#8221; image=&#8221;https:\/\/movimientobiodanza.com\/wordpress\/wp-content\/uploads\/2020\/09\/NellyLuzardo.png&#8221; _builder_version=&#8221;4.6.0&#8243; _dynamic_attributes=&#8221;button_link&#8221; _module_preset=&#8221;default&#8221; background_color=&#8221;#FF00FF&#8221; background_enable_color=&#8221;on&#8221; global_colors_info=&#8221;{}&#8221; sticky_transition=&#8221;on&#8221;]&#8221;Biodanza, un sistema de integraci\u00f3n, maravillosa herramienta de trabajo personal que me ha permitido encontrar un lugar en el mundo&#8230;&#8221;<\/p>\n<p>Nelly Luzardo[\/et_pb_slide][et_pb_slide heading=&#8221;WILLIAM ZABALA&#8221; button_text=&#8221;Leer mas&#8221; button_link=&#8221;@ET-DC@eyJkeW5hbWljIjp0cnVlLCJjb250ZW50IjoicG9zdF9saW5rX3VybF9wYWdlIiwic2V0dGluZ3MiOnsicG9zdF9pZCI6IjEyODkifX0=@&#8221; image=&#8221;https:\/\/movimientobiodanza.com\/wordpress\/wp-content\/uploads\/2020\/09\/WilliamZabala.png&#8221; _builder_version=&#8221;4.6.0&#8243; _dynamic_attributes=&#8221;button_link&#8221; _module_preset=&#8221;default&#8221; background_color=&#8221;#FF00FF&#8221; background_enable_color=&#8221;on&#8221; global_colors_info=&#8221;{}&#8221; sticky_transition=&#8221;on&#8221;]&#8221;La Biodanza llega en un momento de mi vida donde necesitaba canalizar hacia el cuerpo muchas cosas que pasaban por mi mente. &#8220;<\/p>\n<p>William Zabala[\/et_pb_slide][et_pb_slide heading=&#8221;MONICA JORDAN&#8221; button_text=&#8221;Leer mas&#8221; button_link=&#8221;@ET-DC@eyJkeW5hbWljIjp0cnVlLCJjb250ZW50IjoicG9zdF9saW5rX3VybF9wYWdlIiwic2V0dGluZ3MiOnsicG9zdF9pZCI6IjEyODkifX0=@&#8221; image=&#8221;https:\/\/movimientobiodanza.com\/wordpress\/wp-content\/uploads\/2020\/09\/MonicaJordan.png&#8221; _builder_version=&#8221;4.6.0&#8243; _dynamic_attributes=&#8221;button_link&#8221; _module_preset=&#8221;default&#8221; background_color=&#8221;#FF00FF&#8221; background_enable_color=&#8221;on&#8221; global_colors_info=&#8221;{}&#8221; sticky_transition=&#8221;on&#8221;]<\/p>\n<p>&#8220;Llegar a Biodanza hace 7 a\u00f1os, fu\u00e8 abrazar de nuevo mi vida. Al principio fu\u00e8 curiosidad pero hoy lo siento como un llamado de mi propio cuerpo para sanar y renacer. &#8220;<\/p>\n<p>Monica Jordan<\/p>\n<p>[\/et_pb_slide][et_pb_slide heading=&#8221;ZOILA GUZMAN&#8221; button_text=&#8221;Leer mas&#8221; button_link=&#8221;@ET-DC@eyJkeW5hbWljIjp0cnVlLCJjb250ZW50IjoicG9zdF9saW5rX3VybF9wYWdlIiwic2V0dGluZ3MiOnsicG9zdF9pZCI6IjEyODkifX0=@&#8221; image=&#8221;https:\/\/movimientobiodanza.com\/wordpress\/wp-content\/uploads\/2020\/09\/ZoilaGuzman.png&#8221; _builder_version=&#8221;4.6.0&#8243; _dynamic_attributes=&#8221;button_link&#8221; _module_preset=&#8221;default&#8221; background_color=&#8221;#FF00FF&#8221; background_enable_color=&#8221;on&#8221; global_colors_info=&#8221;{}&#8221; sticky_transition=&#8221;on&#8221;]<\/p>\n<p>&#8220;Estar en la formaci\u00f3n para ser Facilitadora de Biodanza me ha permitido, experimentar cambios muy positivos como por ejemplo: el darme cuenta de que necesitaba plantarme en la vida y ser merecedora de todo lo que el Universo tiene para m\u00ed.&#8221;<\/p>\n<p>Zoila Guzman<\/p>\n<p>[\/et_pb_slide][et_pb_slide heading=&#8221;JOHN ALBERT BODEN&#8221; button_text=&#8221;Leer mas&#8221; button_link=&#8221;@ET-DC@eyJkeW5hbWljIjp0cnVlLCJjb250ZW50IjoicG9zdF9saW5rX3VybF9wYWdlIiwic2V0dGluZ3MiOnsicG9zdF9pZCI6IjEyODkifX0=@&#8221; image=&#8221;https:\/\/movimientobiodanza.com\/wordpress\/wp-content\/uploads\/2020\/09\/JohnAlbertBoden.png&#8221; _builder_version=&#8221;4.6.0&#8243; _dynamic_attributes=&#8221;button_link&#8221; _module_preset=&#8221;default&#8221; background_color=&#8221;#FF00FF&#8221; background_enable_color=&#8221;on&#8221; global_colors_info=&#8221;{}&#8221; sticky_transition=&#8221;on&#8221;]&#8221;Al principio mi meta cuando ingrese a la formaci\u00f3n para ser Facilitador de Biodanza fue ir a un viaje al interior en mi ser, fue y sigue siendo fascinante y la vez algo temoroso&#8221;<\/p>\n<p>John Albert Boden[\/et_pb_slide][\/et_pb_slider][\/et_pb_column_inner][\/et_pb_row_inner][et_pb_row_inner _builder_version=&#8221;4.12.1&#8243; _module_preset=&#8221;default&#8221; global_colors_info=&#8221;{}&#8221;][et_pb_column_inner saved_specialty_column_type=&#8221;3_4&#8243; _builder_version=&#8221;4.12.1&#8243; _module_preset=&#8221;default&#8221; global_colors_info=&#8221;{}&#8221;][et_pb_text _builder_version=&#8221;4.6.0&#8243; _module_preset=&#8221;default&#8221; global_colors_info=&#8221;{}&#8221;]<\/p>\n<p><a href=\"https:\/\/movimientobiodanza.com\/wordpress\/sucreador\/\" target=\"_blank\" rel=\"noopener noreferrer\"><img loading=\"lazy\" src=\"https:\/\/movimientobiodanza.com\/wordpress\/wp-content\/uploads\/2020\/09\/RT-300x266.jpg\" width=\"300\" height=\"266\" alt=\"\" class=\"wp-image-101 alignnone size-medium\" \/><\/a>\u00a0 \u00a0 \u00a0 \u00a0 \u00a0 \u00a0 \u00a0 \u00a0 \u00a0 \u00a0 \u00a0 \u00a0 \u00a0\u00a0<a href=\"https:\/\/movimientobiodanza.com\/wordpress\/quien-es\/\"><img loading=\"lazy\" src=\"https:\/\/movimientobiodanza.com\/wordpress\/wp-content\/uploads\/2020\/09\/MG-300x266.jpg\" width=\"300\" height=\"266\" alt=\"\" class=\"wp-image-109 alignnone size-medium\" \/><\/a><\/p>\n<p>[\/et_pb_text][\/et_pb_column_inner][\/et_pb_row_inner][et_pb_row_inner _builder_version=&#8221;4.12.1&#8243; _module_preset=&#8221;default&#8221; global_colors_info=&#8221;{}&#8221;][et_pb_column_inner saved_specialty_column_type=&#8221;3_4&#8243; _builder_version=&#8221;4.12.1&#8243; _module_preset=&#8221;default&#8221; global_colors_info=&#8221;{}&#8221;][et_pb_text _builder_version=&#8221;4.6.0&#8243; _module_preset=&#8221;default&#8221; text_font=&#8221;Lobster Two||||||||&#8221; text_text_color=&#8221;#0c71c3&#8243; text_font_size=&#8221;22px&#8221; header_font=&#8221;Lato||||||||&#8221; header_text_color=&#8221;#ffffff&#8221; header_font_size=&#8221;27px&#8221; background_color=&#8221;#6AA84F&#8221; custom_padding=&#8221;50px|50px|50px|50px|false|false&#8221; global_colors_info=&#8221;{}&#8221;]<\/p>\n<h1 style=\"text-align: center;\">ESCR\u00cdBENOS TUS COMENTARIOS<\/h1>\n<p style=\"text-align: center;\">Ingresa aqu\u00ed para que nos escribas tus comentarios<\/p>\n<p style=\"text-align: center;\"><a class=\"maxbutton-4 maxbutton maxbutton-ver-mas-1\" target=\"_blank\" rel=\"noopener\" href=\"https:\/\/movimientobiodanza.com\/wordpress\/escribenos\/\"><span class='mb-text'>SABER M\u00c1S<\/span><\/a><\/p>\n<p>[\/et_pb_text][\/et_pb_column_inner][\/et_pb_row_inner][et_pb_row_inner column_structure=&#8221;1_2,1_2&#8243; _builder_version=&#8221;4.12.1&#8243; _module_preset=&#8221;default&#8221; global_colors_info=&#8221;{}&#8221;][et_pb_column_inner type=&#8221;1_2&#8243; saved_specialty_column_type=&#8221;3_4&#8243; _builder_version=&#8221;4.12.1&#8243; _module_preset=&#8221;default&#8221; global_colors_info=&#8221;{}&#8221;][et_pb_text _builder_version=&#8221;4.12.1&#8243; _module_preset=&#8221;default&#8221; text_font=&#8221;Lobster Two||||||||&#8221; text_text_color=&#8221;#0c71c3&#8243; text_font_size=&#8221;22px&#8221; header_font=&#8221;Lato||||||||&#8221; header_text_color=&#8221;#ffffff&#8221; header_font_size=&#8221;20px&#8221; background_color=&#8221;#3A5795&#8243; custom_padding=&#8221;50px|50px|50px|50px|false|false&#8221; global_colors_info=&#8221;{}&#8221;]<\/p>\n<h1 style=\"text-align: center;\">NACIMIENTO DE LA ESCUELA<\/h1>\n<h1 style=\"text-align: center;\">DE BIODANZA DE<\/h1>\n<h1 style=\"text-align: center;\">CUERNAVACA-M\u00c9XICO<\/h1>\n<p style=\"text-align: center;\"><a href=\"https:\/\/movimientobiodanza.com\/wordpress\/escuela-de-biodanza-de-cuernavaca-mexico\/\"><img loading=\"lazy\" class=\"wp-image-51 alignnone size-medium\" src=\"https:\/\/movimientobiodanza.com\/wordpress\/wp-content\/uploads\/2020\/09\/Logo_Escuela_de_Biodanza_de_Cuernavaca_-300x238.jpg\" alt=\"\" width=\"217\" height=\"172\" \/><\/a><\/p>\n<p>[\/et_pb_text][\/et_pb_column_inner][et_pb_column_inner type=&#8221;1_2&#8243; saved_specialty_column_type=&#8221;3_4&#8243; _builder_version=&#8221;4.12.1&#8243; _module_preset=&#8221;default&#8221; global_colors_info=&#8221;{}&#8221;][et_pb_text _builder_version=&#8221;4.12.1&#8243; _module_preset=&#8221;default&#8221; text_font=&#8221;Lobster Two||||||||&#8221; text_text_color=&#8221;#0c71c3&#8243; text_font_size=&#8221;22px&#8221; header_font=&#8221;Lato||||||||&#8221; header_text_color=&#8221;#ffffff&#8221; header_font_size=&#8221;20px&#8221; background_color=&#8221;#3A5795&#8243; custom_padding=&#8221;50px|50px|50px|50px|false|false&#8221; global_colors_info=&#8221;{}&#8221;]<!--\n\n\n\n\n\n<p style=\"text-align: center;\">[wpfa icon=\"check\" color=\"white\"]<\/p>\n\n\n\n\n\n--><\/p>\n<h1 style=\"text-align: center;\">ESCUELA DE BIODANZA DEL SOL DE MARACAIBO<\/h1>\n<p style=\"text-align: center;\"><a href=\"https:\/\/movimientobiodanza.com\/wordpress\/escuela-venezolana-de-biodanza-del-sol-maracaibo\/\" target=\"_blank\" rel=\"noopener noreferrer\"><img loading=\"lazy\" src=\"https:\/\/movimientobiodanza.com\/wordpress\/wp-content\/uploads\/2020\/09\/Escuelabiodanza.png\" width=\"232\" height=\"214\" alt=\"\" class=\"wp-image-154 alignnone size-full\" \/><\/a><\/p>\n<p>[\/et_pb_text][\/et_pb_column_inner][\/et_pb_row_inner][et_pb_row_inner _builder_version=&#8221;4.12.1&#8243; _module_preset=&#8221;default&#8221; global_colors_info=&#8221;{}&#8221;][et_pb_column_inner saved_specialty_column_type=&#8221;3_4&#8243; _builder_version=&#8221;4.12.1&#8243; _module_preset=&#8221;default&#8221; global_colors_info=&#8221;{}&#8221;][et_pb_text _builder_version=&#8221;4.6.0&#8243; _module_preset=&#8221;default&#8221; text_font=&#8221;Lobster Two||||||||&#8221; text_text_color=&#8221;#0c71c3&#8243; text_font_size=&#8221;22px&#8221; header_font=&#8221;Lato||||||||&#8221; header_text_color=&#8221;#02BCCB&#8221; header_font_size=&#8221;20px&#8221; background_color=&#8221;#f1ebe2&#8243; custom_padding=&#8221;50px|50px|50px|50px|false|false&#8221; global_colors_info=&#8221;{}&#8221;]<\/p>\n<h1 style=\"text-align: center;\">PR\u00d3XIMOS EVENTOS<\/h1>\n<p style=\"text-align: center;\">Ingresa aqu\u00ed para conocer nuestros pr\u00f3ximos eventos especiales<\/p>\n<p style=\"text-align: center;\"><a class=\"maxbutton-3 maxbutton maxbutton-eventos\" target=\"_blank\" rel=\"noopener\" href=\"https:\/\/movimientobiodanza.com\/wordpress\/eventos\/\"><span class='mb-text'>SABER M\u00c1S<\/span><\/a><\/p>\n<p>[\/et_pb_text][\/et_pb_column_inner][\/et_pb_row_inner][\/et_pb_column][\/et_pb_section][et_pb_section fb_built=&#8221;1&#8243; _builder_version=&#8221;4.6.0&#8243; _module_preset=&#8221;default&#8221; background_color=&#8221;#626a72&#8243; custom_margin=&#8221;99px|||||&#8221; global_colors_info=&#8221;{}&#8221;][et_pb_row _builder_version=&#8221;4.6.0&#8243; _module_preset=&#8221;default&#8221; global_colors_info=&#8221;{}&#8221;][et_pb_column type=&#8221;4_4&#8243; _builder_version=&#8221;4.6.0&#8243; _module_preset=&#8221;default&#8221; global_colors_info=&#8221;{}&#8221;][et_pb_button button_url=&#8221;@ET-DC@eyJkeW5hbWljIjp0cnVlLCJjb250ZW50IjoicG9zdF9saW5rX3VybF9wYWdlIiwic2V0dGluZ3MiOnsicG9zdF9pZCI6IjE0MDIifX0=@&#8221; url_new_window=&#8221;on&#8221; button_text=&#8221;Haz click aqu\u00ed para musicalizar tu visita.&#8221; button_alignment=&#8221;center&#8221; _builder_version=&#8221;4.6.0&#8243; _dynamic_attributes=&#8221;button_url&#8221; _module_preset=&#8221;default&#8221; custom_button=&#8221;on&#8221; button_text_color=&#8221;#ffffff&#8221; button_bg_color=&#8221;#3A5795&#8243; button_border_width=&#8221;0px&#8221; button_border_radius=&#8221;21px&#8221; button_font=&#8221;Lato||||||||&#8221; button_icon=&#8221;%%40%%&#8221; button_on_hover=&#8221;off&#8221; custom_margin=&#8221;||||false|false&#8221; custom_padding=&#8221;|50px|||false|false&#8221; animation_style=&#8221;zoom&#8221; global_colors_info=&#8221;{}&#8221;][\/et_pb_button][et_pb_text _builder_version=&#8221;4.6.0&#8243; _module_preset=&#8221;default&#8221; text_text_color=&#8221;#ffffff&#8221; global_colors_info=&#8221;{}&#8221;]<\/p>\n<p style=\"text-align: center;\">Movimiento Biodanza &#8211; Copyright \u00a9 2015 Asesores YMT<\/p>\n<p>[\/et_pb_text][\/et_pb_column][\/et_pb_row][\/et_pb_section]<\/p>\n","protected":false},"excerpt":{"rendered":"<p>instagramfacebooktwitterNACIMIENTO DE LA ESCUELA DE BIODANZA DE CUERNAVACA-M\u00c9XICO <i class=\"fa fa-clock\" style=\"color: white\"><\/i> MOVIMIENTO BIODANZA El Movimiento Biodanza Maracaibo nace en el a\u00f1o 2.007, con la \u00fanica intenci\u00f3n de iniciar el desarrollo de una Cultura basada en la Vida \u00a0 VER MAS CLINICA DEL ALMA LLa Cl\u00ednica del Alma, \u201cCentro de Rehabilitaci\u00f3n Existencial para una Nueva [&hellip;]<\/p>\n","protected":false},"author":3,"featured_media":0,"parent":0,"menu_order":0,"comment_status":"closed","ping_status":"closed","template":"","meta":{"_et_pb_use_builder":"on","_et_pb_old_content":"","_et_gb_content_width":""},"_links":{"self":[{"href":"https:\/\/movimientobiodanza.com\/wordpress\/wp-json\/wp\/v2\/pages\/2651"}],"collection":[{"href":"https:\/\/movimientobiodanza.com\/wordpress\/wp-json\/wp\/v2\/pages"}],"about":[{"href":"https:\/\/movimientobiodanza.com\/wordpress\/wp-json\/wp\/v2\/types\/page"}],"author":[{"embeddable":true,"href":"https:\/\/movimientobiodanza.com\/wordpress\/wp-json\/wp\/v2\/users\/3"}],"replies":[{"embeddable":true,"href":"https:\/\/movimientobiodanza.com\/wordpress\/wp-json\/wp\/v2\/comments?post=2651"}],"version-history":[{"count":10,"href":"https:\/\/movimientobiodanza.com\/wordpress\/wp-json\/wp\/v2\/pages\/2651\/revisions"}],"predecessor-version":[{"id":2736,"href":"https:\/\/movimientobiodanza.com\/wordpress\/wp-json\/wp\/v2\/pages\/2651\/revisions\/2736"}],"wp:attachment":[{"href":"https:\/\/movimientobiodanza.com\/wordpress\/wp-json\/wp\/v2\/media?parent=2651"}],"curies":[{"name":"wp","href":"https:\/\/api.w.org\/{rel}","templated":true}]}}